{"id":301,"date":"2015-04-15T08:06:38","date_gmt":"2015-04-15T08:06:38","guid":{"rendered":"http:\/\/www.delunafirm.com\/oralia-de-luna\/"},"modified":"2020-10-17T08:20:59","modified_gmt":"2020-10-17T08:20:59","slug":"oralia-de-luna","status":"publish","type":"page","link":"https:\/\/www.delunafirm.com\/es\/oralia-de-luna\/","title":{"rendered":"Oralia De Luna"},"content":{"rendered":"<div class=\"fusion-fullwidth fullwidth-box fusion-builder-row-1 fusion-flex-container hundred-percent-fullwidth non-hundred-percent-height-scrolling\" style=\"background-color: rgba(255,255,255,0);background-position: center center;background-repeat: no-repeat;border-width: 0px 0px 0px 0px;border-color:#eae9e9;border-style:solid;\" ><div class=\"fusion-builder-row fusion-row fusion-flex-align-items-flex-start\" style=\"width:104% !important;max-width:104% !important;margin-left: calc(-4% \/ 2 );margin-right: calc(-4% \/ 2 );\"><div class=\"fusion-layout-column fusion_builder_column fusion-builder-column-0 fusion_builder_column_1_3 1_3 fusion-flex-column fusion-flex-align-self-flex-start fusion-column-no-min-height\"><div class=\"fusion-column-wrapper fusion-flex-justify-content-flex-start fusion-content-layout-column\" style=\"background-position:left top;background-repeat:no-repeat;-webkit-background-size:cover;-moz-background-size:cover;-o-background-size:cover;background-size:cover;padding: 0px 0px 0px 0px;\"><div class=\"fusion-text fusion-text-1\"><p><img class=\" size-medium wp-image-10 aligncenter\" src=\"https:\/\/www.delunafirm.com\/wp-content\/uploads\/2015\/04\/from-gaby-final-photo-2015-Htx-Copy-300x294.jpg\" alt=\"from gaby final photo 2015 Htx - Copy\" width=\"300\" height=\"294\" srcset=\"https:\/\/www.delunafirm.com\/wp-content\/uploads\/2015\/04\/from-gaby-final-photo-2015-Htx-Copy-52x50.jpg 52w, https:\/\/www.delunafirm.com\/wp-content\/uploads\/2015\/04\/from-gaby-final-photo-2015-Htx-Copy-66x66.jpg 66w, https:\/\/www.delunafirm.com\/wp-content\/uploads\/2015\/04\/from-gaby-final-photo-2015-Htx-Copy-300x294.jpg 300w, https:\/\/www.delunafirm.com\/wp-content\/uploads\/2015\/04\/from-gaby-final-photo-2015-Htx-Copy-1024x1002.jpg 1024w\" sizes=\"(max-width: 300px) 100vw, 300px\" \/><\/p>\n<p style=\"text-align: center;\"><strong>Oralia De Luna<br \/>\n<\/strong><a href=\"mailto:inquiry@delunafirm.com\">inquiry@delunafirm.com<\/a><\/p>\n<\/div><\/div><\/div><style type=\"text\/css\">.fusion-body .fusion-builder-column-0{width:33.333333333333% !important;margin-top : 0px;margin-bottom : 0px;}.fusion-builder-column-0 > .fusion-column-wrapper {padding-top : 0px !important;padding-right : 0px !important;margin-right : 3.84%;padding-bottom : 0px !important;padding-left : 0px !important;margin-left : 5.76%;}@media only screen and (max-width:1024px) {.fusion-body .fusion-builder-column-0{width:33.333333333333% !important;}.fusion-builder-column-0 > .fusion-column-wrapper {margin-right : 3.84%;margin-left : 5.76%;}}@media only screen and (max-width:640px) {.fusion-body .fusion-builder-column-0{width:100% !important;}.fusion-builder-column-0 > .fusion-column-wrapper {margin-right : 1.92%;margin-left : 1.92%;}}<\/style><div class=\"fusion-layout-column fusion_builder_column fusion-builder-column-1 fusion_builder_column_2_3 2_3 fusion-flex-column\"><div class=\"fusion-column-wrapper fusion-flex-justify-content-flex-start fusion-content-layout-column\" style=\"background-position:left top;background-repeat:no-repeat;-webkit-background-size:cover;-moz-background-size:cover;-o-background-size:cover;background-size:cover;border-width: 1px 1px 1px 1px;border-color:#ac7608;border-style:solid;padding: 15px 15px 15px 15px;\"><div class=\"fusion-text fusion-text-2\"><p style=\"text-align: justify;\">Siendo la hija de inmigrantes y una estadounidense de primera generaci\u00f3n, Oralia De Luna entiende las experiencias y las necesidades de sus clientes. Para la abogada De Luna, Inmigraci\u00f3n es una vocaci\u00f3n y no s\u00f3lamente un compromiso, ya que le resulta muy satisfactorio cuando se cumplen los objetivos de sus clientes, ya sea clientes corporativos que quieren inmigrar as sus empleados o trabajadores que inmigran a los Estados Unidos en busca de una vida mejor para ellos y su familia. .<\/p>\n<p style=\"text-align: justify;\">Debido a su representaci\u00f3n tan eficaz en asuntos de inmigraci\u00f3n y el haber sido nombrada como una de los mejores abogados de inmigraci\u00f3n de Houston, Texas desde el 2010 hasta el presente, los clientes individuales y empresas de todo el mundo han buscado a la abogada De Luna para obtener su representaci\u00f3n en los estados unidos ante el gobierno y en el extranjero en las embajadas\/consulados estadounidenses para asuntos basados en el empleo y familia.<\/p>\n<p>En adici\u00f3n a su pr\u00e1ctica jur\u00eddica, la abogada Oralia De Luna ha sido una l\u00edder en su profesi\u00f3n tal como en una posici\u00f3n de liderazgo en la Secci\u00f3n de cuestiones hispanas con la Barra Estatal de Texas y la Asociaci\u00f3n de la barra de Abogados M\u00e9xico-Americanos de Houston (MABAH).<\/p>\n<p style=\"text-align: justify;\">De Luna Law Offices, P.C. puede representarlo en todos los asuntos relacionados con inmigraci\u00f3n. Ya sea si necesita representaci\u00f3n legal o asesoramiento en los procesos de la residencia permanente, naturalizaci\u00f3n o litigio federal en los tribunales de inmigraci\u00f3n de los Estados Unidos, Oralia De Luna puede representarlo y contestar sus preguntas m\u00e1s complejas.<\/p>\n<p style=\"text-align: justify;\">La pr\u00e1ctica jur\u00eddica de la abogada De Luna mantiene relaciones s\u00f3lidas con los clientes a trav\u00e9s de la comunicaci\u00f3n directa con sus clientes y proveer M\u00e1xima confiabilidad, y un servicio personalizado que permite a los clientes mantenerse bien informados sobre el estado de su caso.<\/p>\n<\/div><\/div><\/div><style type=\"text\/css\">.fusion-body .fusion-builder-column-1{width:66.666666666667% !important;margin-top : 0px;margin-bottom : 20px;}.fusion-builder-column-1 > .fusion-column-wrapper {padding-top : 15px !important;padding-right : 15px !important;margin-right : 2.88%;padding-bottom : 15px !important;padding-left : 15px !important;margin-left : 3.84%;}@media only screen and (max-width:1024px) {.fusion-body .fusion-builder-column-1{width:66.666666666667% !important;order : 0;}.fusion-builder-column-1 > .fusion-column-wrapper {margin-right : 2.88%;margin-left : 3.84%;}}@media only screen and (max-width:640px) {.fusion-body .fusion-builder-column-1{width:100% !important;order : 0;}.fusion-builder-column-1 > .fusion-column-wrapper {margin-right : 1.92%;margin-left : 1.92%;}}<\/style><div class=\"fusion-layout-column fusion_builder_column fusion-builder-column-2 fusion_builder_column_1_2 1_2 fusion-flex-column\"><div class=\"fusion-column-wrapper fusion-flex-justify-content-flex-start fusion-content-layout-column\" style=\"background-position:left top;background-repeat:no-repeat;-webkit-background-size:cover;-moz-background-size:cover;-o-background-size:cover;background-size:cover;border-width: 1px 1px 1px 1px;border-color:#ac7608;border-style:solid;padding: 15px 15px 15px 15px;\"><div class=\"fusion-text fusion-text-3\"><h2><strong><span style=\"text-decoration: underline;\">AFILIACIONES PROFESIONALES<\/span><\/strong><strong>:<\/strong><\/h2>\n<\/div><ul class=\"fusion-checklist fusion-checklist-1\" style=\"font-size:15px;line-height:25.5px;\">\n<li class=\"fusion-li-item\"><span style=\"background-color:#ffffff;font-size:13.2px;height:25.5px;width:25.5px;margin-right:10.5px;\" class=\"icon-wrapper circle-yes\"><i class=\"fusion-li-icon fa fa-chevron-circle-right\" style=\"color:#ac7608;\" aria-hidden=\"true\"><\/i><\/span><div class=\"fusion-li-item-content\" style=\"margin-left:36px;\">Asociaci\u00f3n de la Barra M\u00e9xico-Americana de Houston (MABAH) <\/div><\/li>\n<li class=\"fusion-li-item\"><span style=\"background-color:#ffffff;font-size:13.2px;height:25.5px;width:25.5px;margin-right:10.5px;\" class=\"icon-wrapper circle-yes\"><i class=\"fusion-li-icon fa fa-chevron-circle-right\" style=\"color:#ac7608;\" aria-hidden=\"true\"><\/i><\/span><div class=\"fusion-li-item-content\" style=\"margin-left:36px;\">Asociaci\u00f3n Americana de Abogados de Inmigraci\u00f3n (AILA) <\/div><\/li>\n<li class=\"fusion-li-item\"><span style=\"background-color:#ffffff;font-size:13.2px;height:25.5px;width:25.5px;margin-right:10.5px;\" class=\"icon-wrapper circle-yes\"><i class=\"fusion-li-icon fa fa-chevron-circle-right\" style=\"color:#ac7608;\" aria-hidden=\"true\"><\/i><\/span><div class=\"fusion-li-item-content\" style=\"margin-left:36px;\">Barra Estatal de Tejas ~ Secci\u00f3n jur\u00eddica de Inmigraci\u00f3n y Nacionalidad <\/div><\/li>\n<li class=\"fusion-li-item\"><span style=\"background-color:#ffffff;font-size:13.2px;height:25.5px;width:25.5px;margin-right:10.5px;\" class=\"icon-wrapper circle-yes\"><i class=\"fusion-li-icon fa fa-chevron-circle-right\" style=\"color:#ac7608;\" aria-hidden=\"true\"><\/i><\/span><div class=\"fusion-li-item-content\" style=\"margin-left:36px;\">Barra Estatal de Tejas ~ Secci\u00f3n de Temas Hispanos <\/div><\/li>\n<li class=\"fusion-li-item\"><span style=\"background-color:#ffffff;font-size:13.2px;height:25.5px;width:25.5px;margin-right:10.5px;\" class=\"icon-wrapper circle-yes\"><i class=\"fusion-li-icon fa fa-chevron-circle-right\" style=\"color:#ac7608;\" aria-hidden=\"true\"><\/i><\/span><div class=\"fusion-li-item-content\" style=\"margin-left:36px;\">Barra Estatal de Tejas~ Proyecto Escolar, Voluntaria \/ Mentor de cuarto grado de las Escuelas P\u00fablicas <\/div><\/li>\n<li class=\"fusion-li-item\"><span style=\"background-color:#ffffff;font-size:13.2px;height:25.5px;width:25.5px;margin-right:10.5px;\" class=\"icon-wrapper circle-yes\"><i class=\"fusion-li-icon fa fa-chevron-circle-right\" style=\"color:#ac7608;\" aria-hidden=\"true\"><\/i><\/span><div class=\"fusion-li-item-content\" style=\"margin-left:36px;\">Mesa Redonda Panamericana de Houston (PART) <\/div><\/li>\n<li class=\"fusion-li-item\"><span style=\"background-color:#ffffff;font-size:13.2px;height:25.5px;width:25.5px;margin-right:10.5px;\" class=\"icon-wrapper circle-yes\"><i class=\"fusion-li-icon fa fa-chevron-circle-right\" style=\"color:#ac7608;\" aria-hidden=\"true\"><\/i><\/span><div class=\"fusion-li-item-content\" style=\"margin-left:36px;\">Fundaci\u00f3n de Mujeres Latinas Empresarias <\/div><\/li>\n<li class=\"fusion-li-item\"><span style=\"background-color:#ffffff;font-size:13.2px;height:25.5px;width:25.5px;margin-right:10.5px;\" class=\"icon-wrapper circle-yes\"><i class=\"fusion-li-icon fa fa-chevron-circle-right\" style=\"color:#ac7608;\" aria-hidden=\"true\"><\/i><\/span><div class=\"fusion-li-item-content\" style=\"margin-left:36px;\">Mujeres Hispanas en Liderazgo <\/div><\/li>\n<\/ul><\/div><\/div><style type=\"text\/css\">.fusion-body .fusion-builder-column-2{width:50% !important;margin-top : 0px;margin-bottom : 20px;}.fusion-builder-column-2 > .fusion-column-wrapper {padding-top : 15px !important;padding-right : 15px !important;margin-right : 3.84%;padding-bottom : 15px !important;padding-left : 15px !important;margin-left : 3.84%;}@media only screen and (max-width:1024px) {.fusion-body .fusion-builder-column-2{width:50% !important;order : 0;}.fusion-builder-column-2 > .fusion-column-wrapper {margin-right : 3.84%;margin-left : 3.84%;}}@media only screen and (max-width:640px) {.fusion-body .fusion-builder-column-2{width:100% !important;order : 0;}.fusion-builder-column-2 > .fusion-column-wrapper {margin-right : 1.92%;margin-left : 1.92%;}}<\/style><div class=\"fusion-layout-column fusion_builder_column fusion-builder-column-3 fusion_builder_column_1_2 1_2 fusion-flex-column\"><div class=\"fusion-column-wrapper fusion-flex-justify-content-flex-start fusion-content-layout-column\" style=\"background-position:left top;background-repeat:no-repeat;-webkit-background-size:cover;-moz-background-size:cover;-o-background-size:cover;background-size:cover;border-width: 1px 1px 1px 1px;border-color:#ac7608;border-style:solid;padding: 15px 15px 15px 15px;\"><div class=\"fusion-text fusion-text-4\"><h2><strong><span style=\"text-decoration: underline;\">PLATICAS &amp; PRESENTACIONES PROFESIONALES<\/span><\/strong>:<\/h2>\n<\/div><ul class=\"fusion-checklist fusion-checklist-2\" style=\"font-size:15px;line-height:25.5px;\"><li class=\"fusion-li-item\"><span style=\"background-color:#ffffff;font-size:13.2px;height:25.5px;width:25.5px;margin-right:10.5px;\" class=\"icon-wrapper circle-yes\"><i class=\"fusion-li-icon fa-chevron-circle-right fas\" style=\"color:#ac7608;\" aria-hidden=\"true\"><\/i><\/span><div class=\"fusion-li-item-content\" style=\"margin-left:36px;\">\n<p>\u201c<strong>Naturalizaci\u00f3n<\/strong>\u201d, Uniendo Naciones Solo Por Servir, Edinburg 2020<\/p>\n<\/div><\/li><li class=\"fusion-li-item\"><span style=\"background-color:#ffffff;font-size:13.2px;height:25.5px;width:25.5px;margin-right:10.5px;\" class=\"icon-wrapper circle-yes\"><i class=\"fusion-li-icon fa-chevron-circle-right fas\" style=\"color:#ac7608;\" aria-hidden=\"true\"><\/i><\/span><div class=\"fusion-li-item-content\" style=\"margin-left:36px;\">\n<p>\u201c<strong>Inmigraci\u00f3n, DACAmentado<\/strong>\u201d, Uniendo Naciones Solo Por Servir, Edinburg 2019<\/p>\n<\/div><\/li><li class=\"fusion-li-item\"><span style=\"background-color:#ffffff;font-size:13.2px;height:25.5px;width:25.5px;margin-right:10.5px;\" class=\"icon-wrapper circle-yes\"><i class=\"fusion-li-icon fa-chevron-circle-right fas\" style=\"color:#ac7608;\" aria-hidden=\"true\"><\/i><\/span><div class=\"fusion-li-item-content\" style=\"margin-left:36px;\">\n<p>\u201c<strong>\u00daltimas noticias del Foro de inmigraci\u00f3n<\/strong>\u201d, Ciudad de Edinburg, 2018<\/p>\n<\/div><\/li><li class=\"fusion-li-item\"><span style=\"background-color:#ffffff;font-size:13.2px;height:25.5px;width:25.5px;margin-right:10.5px;\" class=\"icon-wrapper circle-yes\"><i class=\"fusion-li-icon fa-chevron-circle-right fas\" style=\"color:#ac7608;\" aria-hidden=\"true\"><\/i><\/span><div class=\"fusion-li-item-content\" style=\"margin-left:36px;\">\n<p>\u00ab<span style=\"color: #ac7608;\"><a style=\"color: #ac7608;\" href=\"http:\/\/bit.ly\/2f3IusS\" target=\"_blank\" rel=\"noopener noreferrer\"><strong>Abogada Oralia De Luna habla sobre cuestiones de reforma migratoria en los Estados Unidos<\/strong><\/a><\/span>\u00bb por Roz A. Gee, HUFFPOST 2017<\/p>\n<\/div><\/li><li class=\"fusion-li-item\"><span style=\"background-color:#ffffff;font-size:13.2px;height:25.5px;width:25.5px;margin-right:10.5px;\" class=\"icon-wrapper circle-yes\"><i class=\"fusion-li-icon fa-chevron-circle-right fas\" style=\"color:#ac7608;\" aria-hidden=\"true\"><\/i><\/span><div class=\"fusion-li-item-content\" style=\"margin-left:36px;\">\n<p>Programa de radio KYST920 \u201c<strong>Inmigraci\u00f3n, temas de actualidad<\/strong>\u201d, A Kattan, Houston, Texas 2017<\/p>\n<\/div><\/li><li class=\"fusion-li-item\"><span style=\"background-color:#ffffff;font-size:13.2px;height:25.5px;width:25.5px;margin-right:10.5px;\" class=\"icon-wrapper circle-yes\"><i class=\"fusion-li-icon fa-chevron-circle-right fas\" style=\"color:#ac7608;\" aria-hidden=\"true\"><\/i><\/span><div class=\"fusion-li-item-content\" style=\"margin-left:36px;\">\n<p>\u201c<strong>HB11<\/strong>\u201d, Telemundo, Edinburg, Texas 2017<\/p>\n<\/div><\/li><li class=\"fusion-li-item\"><span style=\"background-color:#ffffff;font-size:13.2px;height:25.5px;width:25.5px;margin-right:10.5px;\" class=\"icon-wrapper circle-yes\"><i class=\"fusion-li-icon fa-chevron-circle-right fas\" style=\"color:#ac7608;\" aria-hidden=\"true\"><\/i><\/span><div class=\"fusion-li-item-content\" style=\"margin-left:36px;\">\n<p>\u00ab<strong>La inmigraci\u00f3n y lo que est\u00e1 sacudiendo a Estados Unidos<\/strong>\u00bb Programa de radio KYND, D Young, 2017<\/p>\n<\/div><\/li><li class=\"fusion-li-item\"><span style=\"background-color:#ffffff;font-size:13.2px;height:25.5px;width:25.5px;margin-right:10.5px;\" class=\"icon-wrapper circle-yes\"><i class=\"fusion-li-icon fa-chevron-circle-right fas\" style=\"color:#ac7608;\" aria-hidden=\"true\"><\/i><\/span><div class=\"fusion-li-item-content\" style=\"margin-left:36px;\">\n<p>\u201c<strong>Padres de ciudadanos estadounidenses<\/strong>\u201d, Telemundo, Edinburg, Texas 2016<\/p>\n<\/div><\/li><li class=\"fusion-li-item\"><span style=\"background-color:#ffffff;font-size:13.2px;height:25.5px;width:25.5px;margin-right:10.5px;\" class=\"icon-wrapper circle-yes\"><i class=\"fusion-li-icon fa-chevron-circle-right fas\" style=\"color:#ac7608;\" aria-hidden=\"true\"><\/i><\/span><div class=\"fusion-li-item-content\" style=\"margin-left:36px;\">\n<p>\u201c<strong>La inmigraci\u00f3n y la ley<\/strong>\u201d ~ McAllen I.S.D., Conferencia de participaci\u00f3n familiar, 2015<\/p>\n<\/div><\/li><li class=\"fusion-li-item\"><span style=\"background-color:#ffffff;font-size:13.2px;height:25.5px;width:25.5px;margin-right:10.5px;\" class=\"icon-wrapper circle-yes\"><i class=\"fusion-li-icon fa-chevron-circle-right fas\" style=\"color:#ac7608;\" aria-hidden=\"true\"><\/i><\/span><div class=\"fusion-li-item-content\" style=\"margin-left:36px;\">\u00ab<strong>Acci\u00f3n Diferida para la Responsabilidad Parental (DAPA), \u00abInmigraci\u00f3n y la Ley<\/strong>\u00bb ~ Distrito Independiente Escolar de McAllen, Conferencia de participaci\u00f3n familiar, 2015 <\/div><\/li><li class=\"fusion-li-item\"><span style=\"background-color:#ffffff;font-size:13.2px;height:25.5px;width:25.5px;margin-right:10.5px;\" class=\"icon-wrapper circle-yes\"><i class=\"fusion-li-icon fa-chevron-circle-right fas\" style=\"color:#ac7608;\" aria-hidden=\"true\"><\/i><\/span><div class=\"fusion-li-item-content\" style=\"margin-left:36px;\">\n<p>\u201c<strong>Menores indocumentados en la frontera<\/strong>\u201d, Telemundo Edinburg, Texas 2015<\/p>\n<\/div><\/li><li class=\"fusion-li-item\"><span style=\"background-color:#ffffff;font-size:13.2px;height:25.5px;width:25.5px;margin-right:10.5px;\" class=\"icon-wrapper circle-yes\"><i class=\"fusion-li-icon fa-chevron-circle-right fas\" style=\"color:#ac7608;\" aria-hidden=\"true\"><\/i><\/span><div class=\"fusion-li-item-content\" style=\"margin-left:36px;\">\n<p>\u201c<strong>Problemas de las personas transg\u00e9nero en la ley de inmigraci\u00f3n<\/strong>\u201d, ~ 2V Televisi\u00f3n KBTU, Houston, Texas 2014<\/p>\n<\/div><\/li><li class=\"fusion-li-item\"><span style=\"background-color:#ffffff;font-size:13.2px;height:25.5px;width:25.5px;margin-right:10.5px;\" class=\"icon-wrapper circle-yes\"><i class=\"fusion-li-icon fa-chevron-circle-right fas\" style=\"color:#ac7608;\" aria-hidden=\"true\"><\/i><\/span><div class=\"fusion-li-item-content\" style=\"margin-left:36px;\">\n<p>\u201c<strong>Matrimonios del mismo sexo en la ley de inmigraci\u00f3n<\/strong>\u201d, ~ 2V Televisi\u00f3n KVQT, Houston, Texas 2014<\/p>\n<\/div><\/li><li class=\"fusion-li-item\"><span style=\"background-color:#ffffff;font-size:13.2px;height:25.5px;width:25.5px;margin-right:10.5px;\" class=\"icon-wrapper circle-yes\"><i class=\"fusion-li-icon fa-chevron-circle-right fas\" style=\"color:#ac7608;\" aria-hidden=\"true\"><\/i><\/span><div class=\"fusion-li-item-content\" style=\"margin-left:36px;\">\u00ab<strong>Acci\u00f3n Diferida para llegados de infancia<\/strong>,\u00bb ~ Simposios en el Condado de Harris, LULAC 2012 <\/div><\/li><li class=\"fusion-li-item\"><span style=\"background-color:#ffffff;font-size:13.2px;height:25.5px;width:25.5px;margin-right:10.5px;\" class=\"icon-wrapper circle-yes\"><i class=\"fusion-li-icon fa-chevron-circle-right fas\" style=\"color:#ac7608;\" aria-hidden=\"true\"><\/i><\/span><div class=\"fusion-li-item-content\" style=\"margin-left:36px;\">\u00ab<strong>Proyecto de ley 1070 del Senado de Arizona<\/strong>,\u00bb ~ Serie de Presentadores, Voces de Color, Universidad de Houston 2010 <\/div><\/li><li class=\"fusion-li-item\"><span style=\"background-color:#ffffff;font-size:13.2px;height:25.5px;width:25.5px;margin-right:10.5px;\" class=\"icon-wrapper circle-yes\"><i class=\"fusion-li-icon fa-chevron-circle-right fas\" style=\"color:#ac7608;\" aria-hidden=\"true\"><\/i><\/span><div class=\"fusion-li-item-content\" style=\"margin-left:36px;\">\u00ab<strong>Ley de Inmigraci\u00f3n para el abogado nuevo y abogado que no ejerce ley de inmigraci\u00f3n<\/strong>\u00bb ~ Simposio, Universidad de Derechos, Thurgood Marshall, Houston, 2007 <\/div><\/li><li class=\"fusion-li-item\"><span style=\"background-color:#ffffff;font-size:13.2px;height:25.5px;width:25.5px;margin-right:10.5px;\" class=\"icon-wrapper circle-yes\"><i class=\"fusion-li-icon fa-chevron-circle-right fas\" style=\"color:#ac7608;\" aria-hidden=\"true\"><\/i><\/span><div class=\"fusion-li-item-content\" style=\"margin-left:36px;\">\n<p>\u201c<strong>Inmigraci\u00f3n<\/strong>\u201d, invitada del programa de televisi\u00f3n, UNIVISION 45 TV, Houston, Texas 2006<\/p>\n<\/div><\/li><\/ul><\/div><\/div><style type=\"text\/css\">.fusion-body .fusion-builder-column-3{width:50% !important;margin-top : 0px;margin-bottom : 20px;}.fusion-builder-column-3 > .fusion-column-wrapper {padding-top : 15px !important;padding-right : 15px !important;margin-right : 3.84%;padding-bottom : 15px !important;padding-left : 15px !important;margin-left : 3.84%;}@media only screen and (max-width:1024px) {.fusion-body .fusion-builder-column-3{width:50% !important;order : 0;}.fusion-builder-column-3 > .fusion-column-wrapper {margin-right : 3.84%;margin-left : 3.84%;}}@media only screen and (max-width:640px) {.fusion-body .fusion-builder-column-3{width:100% !important;order : 0;}.fusion-builder-column-3 > .fusion-column-wrapper {margin-right : 1.92%;margin-left : 1.92%;}}<\/style><\/div><style type=\"text\/css\">.fusion-fullwidth.fusion-builder-row-1 { overflow:visible; }.fusion-body .fusion-flex-container.fusion-builder-row-1{ padding-top : 0px;margin-top : 0px;padding-right : 0px;padding-bottom : 0px;margin-bottom : 0px;padding-left : 0px;}<\/style><\/div>\n","protected":false},"excerpt":{"rendered":"","protected":false},"author":1,"featured_media":0,"parent":0,"menu_order":0,"comment_status":"open","ping_status":"open","template":"","meta":[],"_links":{"self":[{"href":"https:\/\/www.delunafirm.com\/es\/wp-json\/wp\/v2\/pages\/301"}],"collection":[{"href":"https:\/\/www.delunafirm.com\/es\/wp-json\/wp\/v2\/pages"}],"about":[{"href":"https:\/\/www.delunafirm.com\/es\/wp-json\/wp\/v2\/types\/page"}],"author":[{"embeddable":true,"href":"https:\/\/www.delunafirm.com\/es\/wp-json\/wp\/v2\/users\/1"}],"replies":[{"embeddable":true,"href":"https:\/\/www.delunafirm.com\/es\/wp-json\/wp\/v2\/comments?post=301"}],"version-history":[{"count":3,"href":"https:\/\/www.delunafirm.com\/es\/wp-json\/wp\/v2\/pages\/301\/revisions"}],"predecessor-version":[{"id":683,"href":"https:\/\/www.delunafirm.com\/es\/wp-json\/wp\/v2\/pages\/301\/revisions\/683"}],"wp:attachment":[{"href":"https:\/\/www.delunafirm.com\/es\/wp-json\/wp\/v2\/media?parent=301"}],"curies":[{"name":"wp","href":"https:\/\/api.w.org\/{rel}","templated":true}]}}